{"id":14537,"date":"2026-04-10T16:10:18","date_gmt":"2026-04-10T14:10:18","guid":{"rendered":"https:\/\/www.dyma.sk\/aktualna-ponuka\/pflegekraft-koblenz\/"},"modified":"2026-04-10T16:10:18","modified_gmt":"2026-04-10T14:10:18","slug":"pflegekraft-koblenz","status":"publish","type":"pracovne-miesto","link":"https:\/\/www.dyma.sk\/de\/aktualna-ponuka\/pflegekraft-koblenz\/","title":{"rendered":"Pflegekraft Koblenz"},"content":{"rendered":"","protected":false},"excerpt":{"rendered":"","protected":false},"featured_media":7814,"template":"","categories":[95],"praca-pre":[97],"class_list":["post-14537","pracovne-miesto","type-pracovne-miesto","status-publish","has-post-thumbnail","hentry","category-deutschland","praca-pre-opatrovatelky"],"meta_box":{"odmena_za_turnus":"84","turnus":"Langfristig","cestovne_za_turnus":"200","dlzka_turnusu":"","datum_nastupu":"Je fr\u00fcher","miesto_prace":"56076 Koblenz","stat":"Deutschland","typ_spoluprace":"Handel","vek":"68","vyska":"168","vaha":"58","byvanie":"Wohnung","pohlavie":"Frau","pohlavie_-_vyber":"Frau","diagnozy_klienta":["Demenz","Aufrechterhaltung der Hygiene","Soziale Funktion"],"dalsie_informacie_o_klientovi":"<table>\n<tbody>\n<tr>\n<td><span style=\"font-weight: 400\">Pflege einer selbst\u00e4ndig lebenden 68-j\u00e4hrigen \u00e4lteren Dame, 58 kg, 168 cm, die k\u00f6rperlich v\u00f6llig unabh\u00e4ngig ist. Sie leidet an Demenz und hat einen neu diagnostizierten Hirntumor. Geistig ist sie noch in Ordnung, hat aber Schwierigkeiten, Worte zu finden, ein beeintr\u00e4chtigtes Kurzzeitged\u00e4chtnis und eine teilweise Sehschw\u00e4che auf dem rechten Auge. Trotz seiner k\u00f6rperlichen Unabh\u00e4ngigkeit ist er nicht in der Lage, normale t\u00e4gliche Aktivit\u00e4ten zu bew\u00e4ltigen. Er braucht Hilfe beim Essen, beim Anziehen und bei den allgemeinen t\u00e4glichen Verrichtungen. Sie ben\u00f6tigt vor allem eine geduldige Herangehensweise, Verst\u00e4ndnis und st\u00e4ndige Unterst\u00fctzung. Die K\u00f6rperpflege und das Anziehen werden unter Anleitung durchgef\u00fchrt. Sie braucht teilweise Hilfe beim Essen. Bei der Pflege geht es immer noch mehr um Beaufsichtigung, Anleitung und Organisation des Tages als um k\u00f6rperliche Pflege. Die Dame besucht 2 Mal pro Woche das Tageszentrum. Zu den Aufgaben der Pflegekraft geh\u00f6ren Haushalt, Kochen, Einkaufen, Putzen und W\u00e4sche waschen. Es ist wichtig, einen Tagesablauf festzulegen, der Dame Gesellschaft zu leisten und mit ihr spazieren zu gehen. Nachtarbeit ist nicht \u00fcblich, aber die Dame hat Schlafprobleme und kann nachts wach sein. Sie m\u00fcssen bei Bedarf erreichbar sein. Zur Sicherheit hat sie ein Notfallarmband und ein Babyphone ist geplant.              Heben ist nicht erforderlich. Die Pflegekraft hat ein eigenes Bad, ein Auto ist ebenfalls vorhanden.  <\/span><\/td>\n<\/tr>\n<\/tbody>\n<\/table>\n","samostatne_byvajuca_osoba":"Ja","vek_opatrovatelky":"35-62","znalost_jazyka":"Fortgeschrittene","vodicsky_preukaz":"Nein","fajciar":"Nein","internet":"Ja","op_stupen":""},"_links":{"self":[{"href":"https:\/\/www.dyma.sk\/de\/wp-json\/wp\/v2\/pracovne-miesto\/14537","targetHints":{"allow":["GET"]}}],"collection":[{"href":"https:\/\/www.dyma.sk\/de\/wp-json\/wp\/v2\/pracovne-miesto"}],"about":[{"href":"https:\/\/www.dyma.sk\/de\/wp-json\/wp\/v2\/types\/pracovne-miesto"}],"version-history":[{"count":0,"href":"https:\/\/www.dyma.sk\/de\/wp-json\/wp\/v2\/pracovne-miesto\/14537\/revisions"}],"wp:featuredmedia":[{"embeddable":true,"href":"https:\/\/www.dyma.sk\/de\/wp-json\/wp\/v2\/media\/7814"}],"wp:attachment":[{"href":"https:\/\/www.dyma.sk\/de\/wp-json\/wp\/v2\/media?parent=14537"}],"wp:term":[{"taxonomy":"category","embeddable":true,"href":"https:\/\/www.dyma.sk\/de\/wp-json\/wp\/v2\/categories?post=14537"},{"taxonomy":"praca-pre","embeddable":true,"href":"https:\/\/www.dyma.sk\/de\/wp-json\/wp\/v2\/praca-pre?post=14537"}],"curies":[{"name":"wp","href":"https:\/\/api.w.org\/{rel}","templated":true}]}}