{"id":14721,"date":"2026-04-16T22:34:48","date_gmt":"2026-04-16T20:34:48","guid":{"rendered":"https:\/\/www.dyma.sk\/aktualna-ponuka\/pflegekraft-erkrath-2\/"},"modified":"2026-04-16T22:40:13","modified_gmt":"2026-04-16T20:40:13","slug":"pflegekraft-erkrath-2","status":"publish","type":"pracovne-miesto","link":"https:\/\/www.dyma.sk\/de\/aktualna-ponuka\/pflegekraft-erkrath-2\/","title":{"rendered":"Pflegekraft Erkrath"},"content":{"rendered":"","protected":false},"excerpt":{"rendered":"","protected":false},"featured_media":6672,"template":"","categories":[95],"praca-pre":[97],"class_list":["post-14721","pracovne-miesto","type-pracovne-miesto","status-publish","has-post-thumbnail","hentry","category-deutschland","praca-pre-opatrovatelky"],"meta_box":{"odmena_za_turnus":"82","turnus":"Langfristig","cestovne_za_turnus":"180","dlzka_turnusu":"","datum_nastupu":"01\/05\/26","miesto_prace":"40699 Erkrath","stat":"Deutschland","typ_spoluprace":"Handel","vek":"87","vyska":"158","vaha":"70","byvanie":"Startseite","pohlavie":"Frau","pohlavie_-_vyber":"Frau","diagnozy_klienta":["Demenz","Aufrechterhaltung der Hygiene","Krebs","Soziale Funktion"],"dalsie_informacie_o_klientovi":"<p>Pflege einer 86-j\u00e4hrigen Dame, 70 kg, 158 cm, die in ihrer Bewegung leicht eingeschr\u00e4nkt ist, selbst\u00e4ndig, aber langsamer geht. Sie leidet an Brustkrebs und beginnender Demenz, die sich vor allem in einer Beeintr\u00e4chtigung des Kurzzeitged\u00e4chtnisses \u00e4u\u00dfert. Die Orientierung ist noch intakt, aber sie braucht Aufsicht und ein Gef\u00fchl der Sicherheit. Ihre Pflege besteht haupts\u00e4chlich aus der F\u00fchrung des Haushalts, der Zubereitung von Mahlzeiten, dem Einkaufen, der Reinigung und der W\u00e4sche. Sie umfasst auch die Begleitung zu Terminen, die Organisation von Routineangelegenheiten, Unterhaltungen, Begleitung und soziale und emotionale Unterst\u00fctzung. Die Aufsicht \u00fcber die Sicherheit der Dame ist wichtig. Leichte Hilfe bei der Grundhygiene kann sp\u00e4ter bei Bedarf ebenfalls erforderlich sein, aber das ist im Moment nicht n\u00f6tig. Nachtarbeit oder Heben ist nicht erforderlich. Die Pflegekraft hat ihr eigenes Badezimmer.        <\/p>\n","samostatne_byvajuca_osoba":"Ja","vek_opatrovatelky":"","znalost_jazyka":"Fortgeschrittene","vodicsky_preukaz":"Ja","fajciar":"Nein","internet":"Ja","op_stupen":""},"_links":{"self":[{"href":"https:\/\/www.dyma.sk\/de\/wp-json\/wp\/v2\/pracovne-miesto\/14721","targetHints":{"allow":["GET"]}}],"collection":[{"href":"https:\/\/www.dyma.sk\/de\/wp-json\/wp\/v2\/pracovne-miesto"}],"about":[{"href":"https:\/\/www.dyma.sk\/de\/wp-json\/wp\/v2\/types\/pracovne-miesto"}],"version-history":[{"count":1,"href":"https:\/\/www.dyma.sk\/de\/wp-json\/wp\/v2\/pracovne-miesto\/14721\/revisions"}],"predecessor-version":[{"id":14722,"href":"https:\/\/www.dyma.sk\/de\/wp-json\/wp\/v2\/pracovne-miesto\/14721\/revisions\/14722"}],"wp:featuredmedia":[{"embeddable":true,"href":"https:\/\/www.dyma.sk\/de\/wp-json\/wp\/v2\/media\/6672"}],"wp:attachment":[{"href":"https:\/\/www.dyma.sk\/de\/wp-json\/wp\/v2\/media?parent=14721"}],"wp:term":[{"taxonomy":"category","embeddable":true,"href":"https:\/\/www.dyma.sk\/de\/wp-json\/wp\/v2\/categories?post=14721"},{"taxonomy":"praca-pre","embeddable":true,"href":"https:\/\/www.dyma.sk\/de\/wp-json\/wp\/v2\/praca-pre?post=14721"}],"curies":[{"name":"wp","href":"https:\/\/api.w.org\/{rel}","templated":true}]}}